{"id":734,"date":"2024-01-13T21:50:58","date_gmt":"2024-01-13T21:50:58","guid":{"rendered":"https:\/\/abbi-essentiels.fr\/?page_id=734"},"modified":"2024-03-21T16:49:45","modified_gmt":"2024-03-21T16:49:45","slug":"su-termometro-abbicare","status":"publish","type":"page","link":"https:\/\/abbi-essentiels.fr\/index.php\/su-termometro-abbicare\/","title":{"rendered":"Su term\u00f3metro ABBICARE\u2122"},"content":{"rendered":"<div class=\"wp-block-image\">\n<figure class=\"aligncenter size-large is-resized\"><img loading=\"lazy\" decoding=\"async\" src=\"https:\/\/abbi-essentiels.fr\/wp-content\/uploads\/2024\/01\/20230912150536-1024x724.jpg\" alt=\"\" class=\"wp-image-686\" width=\"788\" height=\"557\" srcset=\"https:\/\/abbi-essentiels.fr\/wp-content\/uploads\/2024\/01\/20230912150536-1024x724.jpg 1024w, https:\/\/abbi-essentiels.fr\/wp-content\/uploads\/2024\/01\/20230912150536-300x212.jpg 300w, https:\/\/abbi-essentiels.fr\/wp-content\/uploads\/2024\/01\/20230912150536-768x543.jpg 768w, https:\/\/abbi-essentiels.fr\/wp-content\/uploads\/2024\/01\/20230912150536-1536x1086.jpg 1536w, https:\/\/abbi-essentiels.fr\/wp-content\/uploads\/2024\/01\/20230912150536-2048x1448.jpg 2048w, https:\/\/abbi-essentiels.fr\/wp-content\/uploads\/2024\/01\/20230912150536-1320x933.jpg 1320w, https:\/\/abbi-essentiels.fr\/wp-content\/uploads\/2024\/01\/20230912150536-600x424.jpg 600w\" sizes=\"auto, (max-width: 788px) 100vw, 788px\" \/><\/figure><\/div>\n\n\n<h2 class=\"wp-block-heading\"><strong><strong>Todo lo que necesita saber para sacar el m\u00e1ximo partido a su term\u00f3metro sin contacto ABBICARE\u2122.<\/strong><\/strong><\/h2>\n\n\n\n<div style=\"height:13px\" aria-hidden=\"true\" class=\"wp-block-spacer\"><\/div>\n\n\n\n<p><strong>Acaba de adquirir nuestro term\u00f3metro de infrarrojos ABBICARE\u2122 y queremos darle las gracias<\/strong>.<br>Es esencial para nosotros presentarle de forma concreta los aspectos positivos de nuestro term\u00f3metro, reconociendo al mismo tiempo sus limitaciones, que no son espec\u00edficas de nuestro modelo sino comunes a todos los term\u00f3metros infrarrojos sin contacto.<br><br>El term\u00f3metro <strong>ABBICARE\u2122 <\/strong>ofrece una alternativa r\u00e1pida, eficaz y sin contacto a los term\u00f3metros tradicionales. Aunque tiene ventajas innegables, nos gustar\u00eda destacar sus puntos positivos a trav\u00e9s de esta presentaci\u00f3n sin dejar de ser conscientes de sus limitaciones.<br><br>Le invitamos a leer (o releer) atentamente nuestras instrucciones disponibles en versi\u00f3n digital (ampliable) <a href=\"https:\/\/abbi-essentiels.fr\/wp-content\/uploads\/2024\/01\/NOTICE-ES.pdf\" target=\"_blank\" rel=\"noopener\" title=\"\"><strong>&gt; <mark style=\"background-color:rgba(0, 0, 0, 0)\" class=\"has-inline-color has-nv-c-2-color\">AQU\u00cd<\/mark> <\/strong>&lt;<\/a>.<\/p>\n\n\n<div class=\"wp-block-image\">\n<figure class=\"aligncenter size-large is-resized\"><img loading=\"lazy\" decoding=\"async\" src=\"https:\/\/abbi-essentiels.fr\/wp-content\/uploads\/2024\/01\/TEMP1-1024x342.png\" alt=\"\" class=\"wp-image-692\" width=\"1074\" height=\"359\" srcset=\"https:\/\/abbi-essentiels.fr\/wp-content\/uploads\/2024\/01\/TEMP1-1024x342.png 1024w, https:\/\/abbi-essentiels.fr\/wp-content\/uploads\/2024\/01\/TEMP1-300x100.png 300w, https:\/\/abbi-essentiels.fr\/wp-content\/uploads\/2024\/01\/TEMP1-768x256.png 768w, https:\/\/abbi-essentiels.fr\/wp-content\/uploads\/2024\/01\/TEMP1-1536x512.png 1536w, https:\/\/abbi-essentiels.fr\/wp-content\/uploads\/2024\/01\/TEMP1-1320x440.png 1320w, https:\/\/abbi-essentiels.fr\/wp-content\/uploads\/2024\/01\/TEMP1-600x200.png 600w, https:\/\/abbi-essentiels.fr\/wp-content\/uploads\/2024\/01\/TEMP1.png 2000w\" sizes=\"auto, (max-width: 1074px) 100vw, 1074px\" \/><\/figure><\/div>\n\n\n<div style=\"height:57px\" aria-hidden=\"true\" class=\"wp-block-spacer\"><\/div>\n\n\n\n<h3 class=\"wp-block-heading\">\u27a1\ufe0f <strong><span style=\"text-decoration: underline;\"><strong><u>Conocer los diferentes tipos de mediciones posibles de la temperatura corporal :<\/u><\/strong><\/span><br><\/strong><\/h3>\n\n\n\n<p>Las temperaturas difieren en unas d\u00e9cimas de grado de un tipo de medici\u00f3n a otro (rectal, oral, temporal, etc.).<br>En Europa, tradicionalmente se toma como referencia la temperatura rectal por su proximidad a la temperatura central.<\/p>\n\n\n\n<ul class=\"wp-block-list\">\n<li><strong>Ingesta rectal<\/strong><\/li>\n<\/ul>\n\n\n\n<p>La medici\u00f3n de la temperatura rectal es el m\u00e9todo m\u00e1s utilizado en Europa. Es preciso, pero relativamente restrictivo y poco higi\u00e9nico. Adem\u00e1s, las variaciones de la temperatura corporal s\u00f3lo son visibles entre 30 y 45 minutos despu\u00e9s de la toma de la temperatura rectal. Suele reservarse a lactantes y ni\u00f1os peque\u00f1os, pero a veces puede resultar complicado en funci\u00f3n del estado de \u00e1nimo del ni\u00f1o o mientras duerme.<\/p>\n\n\n\n<ul class=\"wp-block-list\">\n<li><strong>La boca sujeta<\/strong><\/li>\n<\/ul>\n\n\n\n<p>La temperatura oral es entre 0,6 \u00b0C y 1 \u00b0C inferior a la rectal. Este m\u00e9todo es relativamente impreciso, ya que puede verse distorsionado por la respiraci\u00f3n, la ingesti\u00f3n de bebidas calientes o fr\u00edas o simplemente por una posici\u00f3n incorrecta. En consecuencia, pueden producirse diferencias de temperatura de hasta 1 \u00b0C de una medici\u00f3n a otra.<\/p>\n\n\n\n<ul class=\"wp-block-list\">\n<li><strong>Agarre axilar<\/strong><\/li>\n<\/ul>\n\n\n\n<p>La temperatura axilar (temperatura bajo la axila) es de 0,5 a 1 \u00b0C inferior a la temperatura rectal. El m\u00e9todo de medici\u00f3n axilar es el m\u00e1s lento y puede verse influido por particularidades anat\u00f3micas, como un cuerpo muy delgado o, por el contrario, una masa de grasa en la axila.<\/p>\n\n\n\n<ul class=\"wp-block-list\">\n<li><strong>El tap\u00f3n timp\u00e1nico o auricular<\/strong><\/li>\n<\/ul>\n\n\n\n<p>La temperatura timp\u00e1nica es de 0 a 0,5 \u00b0C inferior a la temperatura rectal. Se toma introduciendo la sonda en el conducto auditivo externo. Debe prestarse especial atenci\u00f3n a la colocaci\u00f3n y limpieza de la sonda (un conducto auditivo demasiado estrecho o una sonda con cerumen pueden distorsionar los resultados). No se recomienda la medici\u00f3n en ni\u00f1os menores de 2 a\u00f1os, debido a la estrechez de su conducto auditivo.<\/p>\n\n\n\n<ul class=\"wp-block-list\">\n<li><strong>Sujeci\u00f3n temporal<\/strong><\/li>\n<\/ul>\n\n\n\n<p>La temperatura temporal es 0,2\u00b0C inferior a la temperatura rectal (algunos term\u00f3metros temporales muestran la temperatura convertida directamente en el equivalente rectal).<\/p>\n\n\n\n<p>Se toma en la superficie colocando la sonda en la sien, en l\u00ednea con la ceja. Tiene la ventaja de ser r\u00e1pido y muy pr\u00e1ctico. Las precauciones de uso del term\u00f3metro deben respetarse escrupulosamente para obtener un resultado fiable.<\/p>\n\n\n\n<ul class=\"wp-block-list\">\n<li><strong>La toma frontal<\/strong><\/li>\n<\/ul>\n\n\n\n<p>La temperatura de la frente es 0,3\u00b0C-0,5\u00b0C m\u00e1s baja que la temperatura rectal (con el term\u00f3metro ABBICARE puede cambiar los valores de temperatura predeterminados para obtener la misma medici\u00f3n, consulte la secci\u00f3n <strong><em>Ajuste de la temperatura<\/em><\/strong>). Se toma a distancia de la frente. Tiene la ventaja de ser r\u00e1pida y muy pr\u00e1ctica. Es necesario observar atentamente las precauciones de uso del term\u00f3metro para obtener un resultado fiable.<\/p>\n\n\n\n<p><mark style=\"background-color:rgba(0, 0, 0, 0)\" class=\"has-inline-color has-nv-c-1-color\"><strong>Resumen de las diferencias de temperatura entre los distintos tipos de medici\u00f3n <\/strong>:<\/mark><\/p>\n\n\n\n<figure class=\"wp-block-table\"><table><tbody><tr><td><strong>Temperatura rectal<\/strong><\/td><td><strong>Temperatura de la boca<\/strong><\/td><td><strong>Temperatura axilar<\/strong><\/td><td><strong>Temperatura del o\u00eddo<\/strong><\/td><td><strong>Temperatura<br>temporal<\/strong><\/td><td><strong>Temperatura de la cara<\/strong><\/td><\/tr><tr><td><strong><em>Temperatura de referencia<\/em><\/strong><\/td><td><strong>-0,6\u00b0C <\/strong>a<br><strong>-1\u00b0C<\/strong><\/td><td><strong>-0,5\u00b0C <\/strong>a<br><strong>-1\u00b0C<\/strong><\/td><td><strong>-0,1\u00b0C <\/strong>a<br><strong>-0,5\u00b0C<\/strong><\/td><td><strong>-0,2\u00b0C <\/strong>a<br><strong>-0,5\u00b0C<\/strong><\/td><td><strong>-0,3\u00b0C <\/strong>a<br><strong>-0,5\u00b0C<\/strong><\/td><\/tr><\/tbody><\/table><\/figure>\n\n\n\n<p>Los m\u00e9dicos consideran que existe fiebre si :<\/p>\n\n\n\n<p>Temperatura rectal superior a <strong>38\u00b0C<\/strong>;<br>Temperatura oral superior a <strong>37,5\u00b0C<\/strong>;<br>Temperatura axilar superior a <strong>37,3\u00b0C<\/strong>;<br>Temperatura del o\u00eddo (medida con nuestro term\u00f3metro) superior a <strong>38\u00b0C<\/strong>;<br>Temperatura frontal o temporal (medida con nuestro term\u00f3metro) superior a <strong>37,8\u00b0C<\/strong>.<\/p>\n\n\n\n<div style=\"height:20px\" aria-hidden=\"true\" class=\"wp-block-spacer\"><\/div>\n\n\n\n<h3 class=\"wp-block-heading\">\u27a1\ufe0f <strong><span style=\"text-decoration: underline;\">Las ventajas de nuestro term\u00f3metro ABBICARE\u2122 :<\/span><\/strong><\/h3>\n\n\n\n<div class=\"wp-block-columns is-layout-flex wp-container-core-columns-is-layout-1 wp-block-columns-is-layout-flex\">\n<div class=\"wp-block-column is-layout-flow wp-block-column-is-layout-flow\" style=\"flex-basis:66.66%\">\n<p>Nuestro term\u00f3metro puede realizar mediciones <strong>temporales\/frontales <\/strong>y <strong>auriculares<\/strong>. Mide la temperatura en segundos, sin necesidad de contacto f\u00edsico, lo que reduce el riesgo de contaminaci\u00f3n.<br>&nbsp;Tambi\u00e9n puede utilizarse para medir la temperatura de la superficie de la piel, de objetos o del entorno, lo que lo hace \u00fatil y vers\u00e1til en diversos contextos.<\/p>\n\n\n\n<p>Su exclusivo modo beb\u00e9 adapta las medidas a las necesidades espec\u00edficas de los beb\u00e9s de <strong>0 a 36 meses<\/strong>.<\/p>\n\n\n\n<p>A diferencia de los term\u00f3metros tradicionales, que requieren contacto directo con la piel, nuestro term\u00f3metro infrarrojo <strong>ABBICARE\u2122 <\/strong>utiliza rayos infrarrojos para medir la temperatura corporal a distancia.<\/p>\n\n\n\n<p>Es importante tener en cuenta que obst\u00e1culos como la presencia de pelo, ropa gruesa o maquillaje pueden influir en los resultados. Adem\u00e1s, la medici\u00f3n puede verse afectada por condiciones ambientales como la proximidad de fuentes de calor o corrientes de aire. <strong>Estos aspectos deben tenerse en cuenta <\/strong>para un uso \u00f3ptimo del term\u00f3metro de infrarrojos, entendiendo que estas limitaciones no son espec\u00edficas de nuestro modelo<strong>, sino que son comunes a todos los term\u00f3metros de infrarrojos sin contacto.<\/strong><\/p>\n<\/div>\n\n\n\n<div class=\"wp-block-column is-layout-flow wp-block-column-is-layout-flow\" style=\"flex-basis:33.33%\"><div class=\"wp-block-image\">\n<figure class=\"alignright size-large is-resized\"><img loading=\"lazy\" decoding=\"async\" src=\"https:\/\/abbi-essentiels.fr\/wp-content\/uploads\/2024\/01\/Thermo2-523x1024.png\" alt=\"\" class=\"wp-image-708\" width=\"321\" height=\"628\" srcset=\"https:\/\/abbi-essentiels.fr\/wp-content\/uploads\/2024\/01\/Thermo2-523x1024.png 523w, https:\/\/abbi-essentiels.fr\/wp-content\/uploads\/2024\/01\/Thermo2-153x300.png 153w, https:\/\/abbi-essentiels.fr\/wp-content\/uploads\/2024\/01\/Thermo2-768x1504.png 768w, https:\/\/abbi-essentiels.fr\/wp-content\/uploads\/2024\/01\/Thermo2-784x1536.png 784w, https:\/\/abbi-essentiels.fr\/wp-content\/uploads\/2024\/01\/Thermo2-1045x2048.png 1045w, https:\/\/abbi-essentiels.fr\/wp-content\/uploads\/2024\/01\/Thermo2-1320x2586.png 1320w, https:\/\/abbi-essentiels.fr\/wp-content\/uploads\/2024\/01\/Thermo2-600x1175.png 600w\" sizes=\"auto, (max-width: 321px) 100vw, 321px\" \/><\/figure><\/div><\/div>\n<\/div>\n\n\n\n<h3 class=\"wp-block-heading\">\u27a1\ufe0f <strong><span style=\"text-decoration: underline;\">Aspectos a tener en cuenta :<\/span><\/strong><\/h3>\n\n\n\n<p>Es importante recordar que la precisi\u00f3n de las mediciones puede verse afectada por una serie de factores, como la distancia entre el term\u00f3metro y el paciente, el entorno ambiental y la presencia de pelo u objetos sobre la piel. Los term\u00f3metros de infrarrojos en su conjunto miden la temperatura de la superficie de la piel, que puede diferir de la temperatura corporal interna, sobre todo cuando hay variaciones en la temperatura ambiente.<\/p>\n\n\n\n<p>\u26a0\ufe0f <strong>As\u00ed pues, pueden producirse diferencias de temperatura si el term\u00f3metro se utiliza demasiado cerca y\/o con demasiada frecuencia (por ejemplo, si se mantiene el term\u00f3metro en la mano durante demasiado tiempo)<\/strong>. Por \u00faltimo, las mediciones de temperatura difieren de una zona del cuerpo a otra, ya que cada lugar tiene su propia temperatura (por lo que no es \u00fatil comparar la medici\u00f3n obtenida de un lugar a otro). Eche un vistazo a nuestra tabla <strong>de diferencias de temperatura <\/strong>para comprenderlo mejor.<\/p>\n\n\n\n<p>Por eso es fundamental seguir las recomendaciones de los profesionales sanitarios (incluidas en nuestras instrucciones) para obtener resultados fiables. Para ello, es imprescindible medir la temperatura a la misma distancia y en condiciones similares cada vez. En caso de duda o si los resultados son anormales, es aconsejable confirmar la medici\u00f3n utilizando otros m\u00e9todos, como la medici\u00f3n oral o rectal. <strong>Debe utilizarse un term\u00f3metro infrarrojo para la frente para obtener indicaciones r\u00e1pidas y sencillas cuando se sigue una lectura regular de la temperatura.<\/strong><\/p>\n\n\n\n<hr class=\"wp-block-separator has-alpha-channel-opacity\"\/>\n\n\n\n<p>Nuestro term\u00f3metro <strong>ABBICARE\u2122 <\/strong>utiliza rayos infrarrojos para evaluar la temperatura del t\u00edmpano. La medici\u00f3n ser\u00e1 fiable si se utiliza correctamente.<\/p>\n\n\n\n<p><strong><mark style=\"background-color:#7fd180\" class=\"has-inline-color\">\/!\\ Recordatorio sobre la toma de la temperatura della fronte<\/mark><\/strong><\/p>\n\n\n\n<p>Coloca el term\u00f3metro en el centro de la frente y, a continuaci\u00f3n, pulsa el bot\u00f3n para tomar la lectura mientras te deslizas por la frente hasta la sien. Cuando suelte el bot\u00f3n, oir\u00e1 un pitido que confirma que se ha tomado la temperatura.<\/p>\n\n\n\n<p><br><strong><mark style=\"background-color:#7fd180\" class=\"has-inline-color\">\/!\\ Recordatorio sobre la toma de la temperatura del o\u00eddo<\/mark><\/strong><\/p>\n\n\n\n<p>Como se indica en las instrucciones, es importante tirar suavemente de la oreja hacia arriba y hacia atr\u00e1s, para enderezar el conducto auditivo y despejar el acceso al t\u00edmpano. A continuaci\u00f3n, debe introducirse suavemente el molde hasta que llene el conducto auditivo.<\/p>\n\n\n\n<p><em>Ver imagen<\/em><\/p>\n\n\n\n<figure class=\"wp-block-image size-full is-resized\"><img loading=\"lazy\" decoding=\"async\" src=\"https:\/\/abbi-essentiels.fr\/wp-content\/uploads\/2024\/01\/Auriculaire.png\" alt=\"\" class=\"wp-image-695\" width=\"752\" height=\"185\" srcset=\"https:\/\/abbi-essentiels.fr\/wp-content\/uploads\/2024\/01\/Auriculaire.png 988w, https:\/\/abbi-essentiels.fr\/wp-content\/uploads\/2024\/01\/Auriculaire-300x74.png 300w, https:\/\/abbi-essentiels.fr\/wp-content\/uploads\/2024\/01\/Auriculaire-768x189.png 768w, https:\/\/abbi-essentiels.fr\/wp-content\/uploads\/2024\/01\/Auriculaire-600x148.png 600w\" sizes=\"auto, (max-width: 752px) 100vw, 752px\" \/><\/figure>\n\n\n\n<p><br>No se recomienda tomar la temperatura a trav\u00e9s del o\u00eddo en ni\u00f1os menores de dos a\u00f1os, ya que es m\u00e1s dif\u00edcil acceder al t\u00edmpano. Adem\u00e1s, la presencia de grandes cantidades de cerumen -por ejemplo, por una infecci\u00f3n de o\u00eddo- o de mucho pelo en el conducto auditivo puede distorsionar la medici\u00f3n.<\/p>\n\n\n\n<h3 class=\"wp-block-heading\">\u27a1\ufe0f<span style=\"text-decoration: underline;\"> \u00bfC\u00f3mo se coloca el term\u00f3metro en su estuche?<\/span><\/h3>\n\n\n\n<div class=\"wp-block-media-text alignwide is-stacked-on-mobile\" style=\"grid-template-columns:36% auto\"><figure class=\"wp-block-media-text__media\"><img loading=\"lazy\" decoding=\"async\" width=\"1024\" height=\"1024\" src=\"https:\/\/abbi-essentiels.fr\/wp-content\/uploads\/2024\/01\/LISTING-THERMO-FR-1-1-1024x1024.png\" alt=\"\" class=\"wp-image-758 size-full\" srcset=\"https:\/\/abbi-essentiels.fr\/wp-content\/uploads\/2024\/01\/LISTING-THERMO-FR-1-1-1024x1024.png 1024w, https:\/\/abbi-essentiels.fr\/wp-content\/uploads\/2024\/01\/LISTING-THERMO-FR-1-1-300x300.png 300w, https:\/\/abbi-essentiels.fr\/wp-content\/uploads\/2024\/01\/LISTING-THERMO-FR-1-1-150x150.png 150w, https:\/\/abbi-essentiels.fr\/wp-content\/uploads\/2024\/01\/LISTING-THERMO-FR-1-1-768x768.png 768w, https:\/\/abbi-essentiels.fr\/wp-content\/uploads\/2024\/01\/LISTING-THERMO-FR-1-1-1320x1320.png 1320w, https:\/\/abbi-essentiels.fr\/wp-content\/uploads\/2024\/01\/LISTING-THERMO-FR-1-1-600x600.png 600w, https:\/\/abbi-essentiels.fr\/wp-content\/uploads\/2024\/01\/LISTING-THERMO-FR-1-1-100x100.png 100w, https:\/\/abbi-essentiels.fr\/wp-content\/uploads\/2024\/01\/LISTING-THERMO-FR-1-1.png 1500w\" sizes=\"auto, (max-width: 1024px) 100vw, 1024px\" \/><\/figure><div class=\"wp-block-media-text__content\">\n<p>Le recomendamos que coloque el term\u00f3metro <strong>ligeramente<\/strong> hacia un lado antes de cerrar el estuche para evitar que se ponga en marcha de forma inesperada (v\u00e9ase el ejemplo de la imagen).<\/p>\n<\/div><\/div>\n\n\n\n<h3 class=\"wp-block-heading\"><br>\u27a1\ufe0f <strong><u>Nuestro \u00faltimo consejo para hacer frente a la fiebre :<\/u><\/strong><span style=\"text-decoration: underline;\"><strong><br><\/strong><\/span><strong><br><\/strong><\/h3>\n\n\n\n<p>Una fiebre <strong>acompa\u00f1ada y vigilada es sin duda <\/strong>la mejor manera de restablecer la salud, sin tener que recurrir a supresores de s\u00edntomas (antit\u00e9rmicos para la fiebre, analg\u00e9sicos para el dolor, antibi\u00f3ticos para los microbios), que dejan al organismo sin medios y sin fuerzas, y abren la puerta a reca\u00eddas y\/o patolog\u00edas cr\u00f3nicas.<\/p>\n\n\n\n<p>Esto no significa, sin embargo, que deba dejarse que la fiebre suba sin control ni vigilancia, en cualquier patolog\u00eda, sin control ni apoyo, porque la fiebre no controlada tambi\u00e9n puede ser peligrosa, sobre todo en ciertos casos cr\u00edticos, como en los lactantes, en caso de fiebre alta (<strong>m\u00e1s de 39\u00b0C<\/strong>), dolor intenso prolongado, espasmos, delirio, cefaleas intensas o deshidrataci\u00f3n (especialmente en lactantes y ancianos).<br><strong>En todos los casos, controle regularmente su temperatura y no dude en consultar a un m\u00e9dico en caso de duda.<\/strong><\/p>\n\n\n<div class=\"wp-block-image\">\n<figure class=\"aligncenter size-large is-resized\"><img loading=\"lazy\" decoding=\"async\" src=\"https:\/\/abbi-essentiels.fr\/wp-content\/uploads\/2024\/01\/TEMP-1024x342.png\" alt=\"\" class=\"wp-image-696\" width=\"1171\" height=\"391\" srcset=\"https:\/\/abbi-essentiels.fr\/wp-content\/uploads\/2024\/01\/TEMP-1024x342.png 1024w, https:\/\/abbi-essentiels.fr\/wp-content\/uploads\/2024\/01\/TEMP-300x100.png 300w, https:\/\/abbi-essentiels.fr\/wp-content\/uploads\/2024\/01\/TEMP-768x256.png 768w, https:\/\/abbi-essentiels.fr\/wp-content\/uploads\/2024\/01\/TEMP-1536x512.png 1536w, https:\/\/abbi-essentiels.fr\/wp-content\/uploads\/2024\/01\/TEMP-1320x440.png 1320w, https:\/\/abbi-essentiels.fr\/wp-content\/uploads\/2024\/01\/TEMP-600x200.png 600w, https:\/\/abbi-essentiels.fr\/wp-content\/uploads\/2024\/01\/TEMP.png 2000w\" sizes=\"auto, (max-width: 1171px) 100vw, 1171px\" \/><\/figure><\/div>\n\n\n<div style=\"height:55px\" aria-hidden=\"true\" class=\"wp-block-spacer\"><\/div>\n\n\n\n<h3 class=\"wp-block-heading\">\u27a1\ufe0f <strong><u>Nuestro equipo t\u00e9cnico a s<\/u><\/strong><span style=\"text-decoration: underline;\"><strong><u>u servicio<\/u><\/strong> :<\/span><\/h3>\n\n\n\n<p>Como empresa con la etiqueta \u00ab\u00a0<strong>Experiencia europea\u00a0\u00bb, <\/strong>estamos firmemente comprometidos a ofrecer un servicio de atenci\u00f3n al cliente de primera clase, situando constantemente la satisfacci\u00f3n del cliente en el centro de nuestras prioridades. Nuestro equipo de atenci\u00f3n al cliente estar\u00e1 encantado de ayudarle con cualquier duda o problema que pueda tener al utilizar nuestros productos.<\/p>\n\n\n\n<p><\/p>\n\n\n\n<div class=\"wp-block-buttons is-content-justification-center is-layout-flex wp-container-core-buttons-is-layout-1 wp-block-buttons-is-layout-flex\">\n<div class=\"wp-block-button has-custom-width wp-block-button__width-25 has-custom-font-size has-medium-font-size\"><a class=\"wp-block-button__link has-light-green-cyan-to-vivid-green-cyan-gradient-background has-background wp-element-button\" href=\"mailto:boutiqueabkfrance@gmail.com\" style=\"border-radius:30px\">Cont\u00e1ctenos<\/a><\/div>\n<\/div>\n\n\n\n<div style=\"height:100px\" aria-hidden=\"true\" class=\"wp-block-spacer\"><\/div>\n","protected":false},"excerpt":{"rendered":"<p>Todo lo que necesita saber para sacar el m\u00e1ximo partido a su term\u00f3metro sin contacto ABBICARE\u2122. Acaba de adquirir nuestro term\u00f3metro de infrarrojos ABBICARE\u2122 y queremos darle las gracias.Es esencial para nosotros presentarle de forma concreta los aspectos positivos de nuestro term\u00f3metro, reconociendo al mismo tiempo sus limitaciones, que no son espec\u00edficas de nuestro modelo&hellip;&nbsp;<a href=\"https:\/\/abbi-essentiels.fr\/index.php\/su-termometro-abbicare\/\" rel=\"bookmark\">Lire la suite &raquo;<span class=\"screen-reader-text\">Su term\u00f3metro ABBICARE\u2122<\/span><\/a><\/p>\n","protected":false},"author":1,"featured_media":0,"parent":0,"menu_order":0,"comment_status":"closed","ping_status":"closed","template":"","meta":{"om_disable_all_campaigns":false,"_monsterinsights_skip_tracking":false,"_monsterinsights_sitenote_active":false,"_monsterinsights_sitenote_note":"","_monsterinsights_sitenote_category":0,"neve_meta_sidebar":"","neve_meta_container":"","neve_meta_enable_content_width":"","neve_meta_content_width":0,"neve_meta_title_alignment":"","neve_meta_author_avatar":"","neve_post_elements_order":"","neve_meta_disable_header":"","neve_meta_disable_footer":"","neve_meta_disable_title":"","_themeisle_gutenberg_block_has_review":false,"footnotes":""},"class_list":["post-734","page","type-page","status-publish","hentry"],"aioseo_notices":[],"jetpack_sharing_enabled":true,"_links":{"self":[{"href":"https:\/\/abbi-essentiels.fr\/index.php\/wp-json\/wp\/v2\/pages\/734","targetHints":{"allow":["GET"]}}],"collection":[{"href":"https:\/\/abbi-essentiels.fr\/index.php\/wp-json\/wp\/v2\/pages"}],"about":[{"href":"https:\/\/abbi-essentiels.fr\/index.php\/wp-json\/wp\/v2\/types\/page"}],"author":[{"embeddable":true,"href":"https:\/\/abbi-essentiels.fr\/index.php\/wp-json\/wp\/v2\/users\/1"}],"replies":[{"embeddable":true,"href":"https:\/\/abbi-essentiels.fr\/index.php\/wp-json\/wp\/v2\/comments?post=734"}],"version-history":[{"count":11,"href":"https:\/\/abbi-essentiels.fr\/index.php\/wp-json\/wp\/v2\/pages\/734\/revisions"}],"predecessor-version":[{"id":790,"href":"https:\/\/abbi-essentiels.fr\/index.php\/wp-json\/wp\/v2\/pages\/734\/revisions\/790"}],"wp:attachment":[{"href":"https:\/\/abbi-essentiels.fr\/index.php\/wp-json\/wp\/v2\/media?parent=734"}],"curies":[{"name":"wp","href":"https:\/\/api.w.org\/{rel}","templated":true}]}}