{"id":742,"date":"2024-01-13T22:04:06","date_gmt":"2024-01-13T22:04:06","guid":{"rendered":"https:\/\/abbi-essentiels.fr\/?page_id=742"},"modified":"2024-03-21T16:49:08","modified_gmt":"2024-03-21T16:49:08","slug":"il-vostro-termometro-abbicare","status":"publish","type":"page","link":"https:\/\/abbi-essentiels.fr\/index.php\/il-vostro-termometro-abbicare\/","title":{"rendered":"Il vostro termometro ABBICARE\u2122"},"content":{"rendered":"<div class=\"wp-block-image\">\n<figure class=\"aligncenter size-large is-resized\"><img loading=\"lazy\" decoding=\"async\" src=\"https:\/\/abbi-essentiels.fr\/wp-content\/uploads\/2024\/01\/20230912150536-1024x724.jpg\" alt=\"\" class=\"wp-image-686\" width=\"788\" height=\"557\" srcset=\"https:\/\/abbi-essentiels.fr\/wp-content\/uploads\/2024\/01\/20230912150536-1024x724.jpg 1024w, https:\/\/abbi-essentiels.fr\/wp-content\/uploads\/2024\/01\/20230912150536-300x212.jpg 300w, https:\/\/abbi-essentiels.fr\/wp-content\/uploads\/2024\/01\/20230912150536-768x543.jpg 768w, https:\/\/abbi-essentiels.fr\/wp-content\/uploads\/2024\/01\/20230912150536-1536x1086.jpg 1536w, https:\/\/abbi-essentiels.fr\/wp-content\/uploads\/2024\/01\/20230912150536-2048x1448.jpg 2048w, https:\/\/abbi-essentiels.fr\/wp-content\/uploads\/2024\/01\/20230912150536-1320x933.jpg 1320w, https:\/\/abbi-essentiels.fr\/wp-content\/uploads\/2024\/01\/20230912150536-600x424.jpg 600w\" sizes=\"auto, (max-width: 788px) 100vw, 788px\" \/><\/figure><\/div>\n\n\n<h2 class=\"wp-block-heading\"><strong><strong><strong>Tutto quello che c&rsquo;\u00e8 da sapere per utilizzare al meglio il termometro senza contatto ABBICARE\u2122.<\/strong><\/strong><\/strong><\/h2>\n\n\n\n<div style=\"height:13px\" aria-hidden=\"true\" class=\"wp-block-spacer\"><\/div>\n\n\n\n<p><strong>Avete appena acquistato il nostro termometro a infrarossi ABBICARE\u2122 e desideriamo ringraziarvi<\/strong>.<br>\u00c8 essenziale per noi presentarvi in modo concreto gli aspetti positivi del nostro termometro, pur riconoscendone i limiti, che non sono specifici del nostro modello ma comuni a tutti i termometri a infrarossi senza contatto.<br><br>Il termometro <strong>ABBICARE\u2122 <\/strong>offre un&rsquo;alternativa rapida, efficace e senza contatto ai termometri tradizionali. Sebbene presenti innegabili vantaggi, in questa presentazione desideriamo evidenziarne i punti positivi, pur rimanendo consapevoli dei suoi limiti.<br><br>&nbsp;Vi invitiamo a leggere (o rileggere) attentamente le nostre istruzioni disponibili in versione digitale (zoomabile) <a href=\"https:\/\/abbi-essentiels.fr\/wp-content\/uploads\/2024\/01\/NOTICE-IT.pdf\" target=\"_blank\" rel=\"noopener\" title=\"\"><strong>&gt; <mark style=\"background-color:rgba(0, 0, 0, 0)\" class=\"has-inline-color has-nv-c-2-color\">QU\u00cd<\/mark> <\/strong>&lt;<\/a>.<\/p>\n\n\n<div class=\"wp-block-image\">\n<figure class=\"aligncenter size-large is-resized\"><img loading=\"lazy\" decoding=\"async\" src=\"https:\/\/abbi-essentiels.fr\/wp-content\/uploads\/2024\/01\/TEMP1-1024x342.png\" alt=\"\" class=\"wp-image-692\" width=\"1074\" height=\"359\" srcset=\"https:\/\/abbi-essentiels.fr\/wp-content\/uploads\/2024\/01\/TEMP1-1024x342.png 1024w, https:\/\/abbi-essentiels.fr\/wp-content\/uploads\/2024\/01\/TEMP1-300x100.png 300w, https:\/\/abbi-essentiels.fr\/wp-content\/uploads\/2024\/01\/TEMP1-768x256.png 768w, https:\/\/abbi-essentiels.fr\/wp-content\/uploads\/2024\/01\/TEMP1-1536x512.png 1536w, https:\/\/abbi-essentiels.fr\/wp-content\/uploads\/2024\/01\/TEMP1-1320x440.png 1320w, https:\/\/abbi-essentiels.fr\/wp-content\/uploads\/2024\/01\/TEMP1-600x200.png 600w, https:\/\/abbi-essentiels.fr\/wp-content\/uploads\/2024\/01\/TEMP1.png 2000w\" sizes=\"auto, (max-width: 1074px) 100vw, 1074px\" \/><\/figure><\/div>\n\n\n<div style=\"height:57px\" aria-hidden=\"true\" class=\"wp-block-spacer\"><\/div>\n\n\n\n<h3 class=\"wp-block-heading\">\u27a1\ufe0f <strong><span style=\"text-decoration: underline;\"><strong><u><strong>Conoscere i diversi tipi di misurazione della temperatura corporea possibili :<\/strong><\/u><\/strong><\/span><br><\/strong><\/h3>\n\n\n\n<p>Le temperature differiscono di qualche decimo di grado da un tipo di misurazione all&rsquo;altro (rettale, orale, temporale, ecc.).<br>In Europa, la temperatura rettale viene tradizionalmente presa come riferimento perch\u00e9 \u00e8 vicina alla temperatura interna.<\/p>\n\n\n\n<ul class=\"wp-block-list\">\n<li><strong>Assunzione rettale<\/strong><\/li>\n<\/ul>\n\n\n\n<p>La misurazione della temperatura rettale \u00e8 il metodo pi\u00f9 comunemente utilizzato in Europa. \u00c8 accurato, ma relativamente restrittivo e poco igienico. Inoltre, le variazioni della temperatura corporea sono visibili solo dopo 30-45 minuti dalla misurazione della temperatura rettale. \u00c8 spesso riservata ai neonati e ai bambini piccoli, ma a volte pu\u00f2 essere complicata a seconda dell&rsquo;umore del bambino o del suo sonno.<\/p>\n\n\n\n<ul class=\"wp-block-list\">\n<li><strong>La presa della bocca<\/strong><\/li>\n<\/ul>\n\n\n\n<p>La temperatura orale \u00e8 da 0,6\u00b0C a 1\u00b0C pi\u00f9 bassa di quella rettale. Questo metodo \u00e8 relativamente impreciso, poich\u00e9 pu\u00f2 essere falsato dalla respirazione, dall&rsquo;ingestione di bevande calde o fredde o semplicemente da un posizionamento errato. Di conseguenza, possono verificarsi differenze di temperatura fino a 1\u00b0C da una misurazione all&rsquo;altra.<\/p>\n\n\n\n<ul class=\"wp-block-list\">\n<li><strong>Presa ascellare<\/strong><\/li>\n<\/ul>\n\n\n\n<p>La temperatura ascellare (temperatura sotto l&rsquo;ascella) \u00e8 inferiore di 0,5-1\u00b0C rispetto a quella rettale. Il metodo di misurazione ascellare \u00e8 il pi\u00f9 lento e pu\u00f2 essere influenzato da particolarit\u00e0 anatomiche, come un corpo molto magro o, al contrario, una massa di grasso sotto l&rsquo;ascella.<\/p>\n\n\n\n<ul class=\"wp-block-list\">\n<li><strong>Il tappo timpanico o auricolare<\/strong><\/li>\n<\/ul>\n\n\n\n<p>La temperatura timpanica \u00e8 da 0 a 0,5\u00b0C pi\u00f9 bassa della temperatura rettale. Viene rilevata inserendo la sonda nel condotto uditivo. Occorre prestare particolare attenzione al posizionamento e alla pulizia della sonda (un condotto uditivo troppo stretto o una sonda con cerume possono falsare i risultati). La misurazione dell&rsquo;orecchio non \u00e8 raccomandata per i bambini di et\u00e0 inferiore ai 2 anni, a causa della ristrettezza del loro condotto uditivo.<\/p>\n\n\n\n<ul class=\"wp-block-list\">\n<li><strong>Presa temporale<\/strong><\/li>\n<\/ul>\n\n\n\n<p>La temperatura temporale \u00e8 inferiore di 0,2\u00b0C rispetto alla temperatura rettale (alcuni termometri temporali visualizzano la temperatura convertita direttamente nell&rsquo;equivalente rettale).<\/p>\n\n\n\n<p>Si esegue in superficie appoggiando la sonda sulla tempia, in linea con il sopracciglio. Ha il vantaggio di essere veloce e molto pratico. Le precauzioni per l&rsquo;uso del termometro devono essere osservate attentamente per ottenere un risultato affidabile.<\/p>\n\n\n\n<ul class=\"wp-block-list\">\n<li><strong>La presa frontale<\/strong><\/li>\n<\/ul>\n\n\n\n<p>La temperatura della fronte \u00e8 inferiore di 0,3-0,5\u00b0C rispetto alla temperatura rettale (con il termometro ABBICARE \u00e8 possibile modificare i valori predefiniti della temperatura per ottenere la stessa misurazione, vedere la sezione <strong><em>Regolazione della temperatura<\/em><\/strong>). Viene rilevata a una certa distanza dalla fronte. Ha il vantaggio di essere rapida e molto pratica. Per ottenere un risultato affidabile \u00e8 necessario osservare attentamente le precauzioni d&rsquo;uso del termometro.<\/p>\n\n\n\n<p><mark style=\"background-color:rgba(0, 0, 0, 0)\" class=\"has-inline-color has-nv-c-1-color\"><strong>Riepilogo delle differenze di temperatura tra i diversi tipi di misurazione <\/strong>:<\/mark><\/p>\n\n\n\n<figure class=\"wp-block-table\"><table><tbody><tr><td><strong>Temperatura rettale<\/strong><\/td><td><strong>Temperatura della bocca<\/strong><\/td><td><strong>Temperatura ascellare<\/strong><\/td><td><strong>Temperatura dell&rsquo;orecchio<\/strong><\/td><td><strong>Temperatura<br>temporale<\/strong><\/td><td><strong>Temperatura del viso<\/strong><\/td><\/tr><tr><td><strong><em>Temperatura di riferimento<\/em><\/strong><\/td><td><strong>Da -0,6\u00b0C <\/strong>a<br><strong>-1\u00b0C<\/strong><\/td><td><strong>Da -0,5\u00b0C <\/strong>a<br><strong>-1\u00b0C<\/strong><\/td><td><strong>Da -0,1\u00b0C <\/strong>a<br><strong>-0,5\u00b0C<\/strong><\/td><td><strong>Da -0,2\u00b0C <\/strong>a<br><strong>-0,5\u00b0C<\/strong><\/td><td><strong>Da -0,3\u00b0C <\/strong>a<br><strong>-0,5\u00b0C<\/strong><\/td><\/tr><\/tbody><\/table><\/figure>\n\n\n\n<p>I medici ritengono che esista la febbre se :<\/p>\n\n\n\n<p>Temperatura rettale superiore a <strong>38\u00b0C<\/strong>;<br>temperatura orale superiore a <strong>37,5\u00b0C<\/strong>;<br>temperatura ascellare superiore a <strong>37,3\u00b0C<\/strong>;<br>temperatura auricolare (misurata con il nostro termometro) superiore a <strong>38\u00b0C<\/strong>;<br>temperatura frontale o temporale (misurata con il nostro termometro) superiore a <strong>37,8\u00b0C<\/strong>.<\/p>\n\n\n\n<div style=\"height:20px\" aria-hidden=\"true\" class=\"wp-block-spacer\"><\/div>\n\n\n\n<h3 class=\"wp-block-heading\">\u27a1\ufe0f <strong><span style=\"text-decoration: underline;\"><strong><u>I vantaggi del nostro termometro ABBICARE\u2122 :<\/u><\/strong><\/span><\/strong><\/h3>\n\n\n\n<div class=\"wp-block-columns is-layout-flex wp-container-core-columns-is-layout-1 wp-block-columns-is-layout-flex\">\n<div class=\"wp-block-column is-layout-flow wp-block-column-is-layout-flow\" style=\"flex-basis:66.66%\">\n<p>Il nostro termometro \u00e8 in grado di effettuare misurazioni sia <strong>temporali\/frontali <\/strong>che <strong>auricolari<\/strong>. Misura la temperatura in pochi secondi, senza bisogno di contatto fisico, riducendo il rischio di contaminazione.<br>&nbsp;Pu\u00f2 essere utilizzato anche per misurare la temperatura della superficie della pelle, degli oggetti o dell&rsquo;ambiente, rendendolo utile e versatile in diversi contesti.<\/p>\n\n\n\n<p>L&rsquo;esclusiva modalit\u00e0 baby adatta le misure alle esigenze specifiche dei neonati <strong>da 0 a 36 mesi<\/strong>.<\/p>\n\n\n\n<p>A differenza dei termometri tradizionali, che richiedono il contatto diretto con la pelle, il nostro termometro a infrarossi <strong>ABBICARE\u2122 <\/strong>utilizza i raggi infrarossi per misurare la temperatura corporea a distanza.<\/p>\n\n\n\n<p>\u00c8 importante notare che ostacoli come la presenza di capelli, abiti spessi o trucco possono influenzare i risultati. Inoltre, la misurazione pu\u00f2 essere influenzata dalle condizioni ambientali, come la vicinanza di fonti di calore o di correnti d&rsquo;aria. Per un uso ottimale del termometro a infrarossi <strong>\u00e8 necessario tenere conto di questi aspetti<\/strong>, tenendo presente che tali vincoli non sono specifici del nostro modello, <strong>ma sono comuni a tutti i termometri a infrarossi senza contatto.<\/strong><\/p>\n<\/div>\n\n\n\n<div class=\"wp-block-column is-layout-flow wp-block-column-is-layout-flow\" style=\"flex-basis:33.33%\"><div class=\"wp-block-image\">\n<figure class=\"alignright size-large is-resized\"><img loading=\"lazy\" decoding=\"async\" src=\"https:\/\/abbi-essentiels.fr\/wp-content\/uploads\/2024\/01\/Thermo2-523x1024.png\" alt=\"\" class=\"wp-image-708\" width=\"321\" height=\"628\" srcset=\"https:\/\/abbi-essentiels.fr\/wp-content\/uploads\/2024\/01\/Thermo2-523x1024.png 523w, https:\/\/abbi-essentiels.fr\/wp-content\/uploads\/2024\/01\/Thermo2-153x300.png 153w, https:\/\/abbi-essentiels.fr\/wp-content\/uploads\/2024\/01\/Thermo2-768x1504.png 768w, https:\/\/abbi-essentiels.fr\/wp-content\/uploads\/2024\/01\/Thermo2-784x1536.png 784w, https:\/\/abbi-essentiels.fr\/wp-content\/uploads\/2024\/01\/Thermo2-1045x2048.png 1045w, https:\/\/abbi-essentiels.fr\/wp-content\/uploads\/2024\/01\/Thermo2-1320x2586.png 1320w, https:\/\/abbi-essentiels.fr\/wp-content\/uploads\/2024\/01\/Thermo2-600x1175.png 600w\" sizes=\"auto, (max-width: 321px) 100vw, 321px\" \/><\/figure><\/div><\/div>\n<\/div>\n\n\n\n<h3 class=\"wp-block-heading\">\u27a1\ufe0f <strong><span style=\"text-decoration: underline;\"><strong>Aspetti da tenere in considerazione :<\/strong><\/span><\/strong><\/h3>\n\n\n\n<p>\u00c8 importante ricordare che l&rsquo;accuratezza delle misurazioni pu\u00f2 essere influenzata da una serie di fattori, come la distanza tra il termometro e il paziente, l&rsquo;ambiente circostante e la presenza di capelli o oggetti sulla pelle. I termometri a infrarossi nel complesso misurano la temperatura della superficie della pelle, che pu\u00f2 differire dalla temperatura interna del corpo, in particolare in presenza di variazioni della temperatura ambientale.<\/p>\n\n\n\n<p>\u26a0\ufe0f <strong>Le<\/strong> <strong>differenze di temperatura possono quindi verificarsi se il termometro viene utilizzato troppo vicino e\/o troppo spesso (ad esempio, se il termometro viene tenuto in mano per troppo tempo)<\/strong>. Infine, le misurazioni della temperatura variano da un&rsquo;area all&rsquo;altra del corpo e ogni luogo ha una propria temperatura (quindi non \u00e8 utile confrontare la misurazione ottenuta da un luogo all&rsquo;altro). Per una migliore comprensione, consultate la nostra tabella <strong>delle differenze di temperatura<\/strong>.<\/p>\n\n\n\n<p>Per questo motivo \u00e8 fondamentale seguire le raccomandazioni dei professionisti della salute (incluse nelle nostre istruzioni) per ottenere risultati affidabili. A tal fine, \u00e8 essenziale misurare ogni volta la temperatura alla stessa distanza e in condizioni simili. In caso di dubbio o di risultati anomali, \u00e8 consigliabile confermare la misurazione con altri metodi, come la misurazione orale o rettale. <strong>\u00c8 consigliabile utilizzare un termometro a infrarossi per la fronte, per ottenere indicazioni rapide e semplici quando si esegue una lettura regolare della temperatura.<\/strong><br><\/p>\n\n\n\n<hr class=\"wp-block-separator has-alpha-channel-opacity\"\/>\n\n\n\n<p>Il nostro termometro <strong>ABBICARE\u2122 <\/strong>utilizza i raggi infrarossi per valutare la temperatura frontale e del timpano. Se utilizzato correttamente, la misurazione sar\u00e0 affidabile.<\/p>\n\n\n\n<p><strong><mark style=\"background-color:#7fd180\" class=\"has-inline-color\">\/!\\Promemoria sulla misurazione della temperatura della fronte<\/mark><\/strong><\/p>\n\n\n\n<p>Posizionare il termometro al centro della fronte, quindi premere il pulsante per rilevare la lettura mentre si scorre lungo la fronte fino alla tempia. Quando si rilascia il pulsante, si sente un segnale acustico che conferma l&rsquo;avvenuta misurazione della temperatura.<\/p>\n\n\n\n<figure class=\"wp-block-image size-full is-resized\"><img loading=\"lazy\" decoding=\"async\" src=\"https:\/\/abbi-essentiels.fr\/wp-content\/uploads\/2024\/03\/image.png\" alt=\"\" class=\"wp-image-782\" width=\"275\" height=\"221\" srcset=\"https:\/\/abbi-essentiels.fr\/wp-content\/uploads\/2024\/03\/image.png 370w, https:\/\/abbi-essentiels.fr\/wp-content\/uploads\/2024\/03\/image-300x241.png 300w\" sizes=\"auto, (max-width: 275px) 100vw, 275px\" \/><\/figure>\n\n\n\n<p><br><strong><mark style=\"background-color:#7fd180\" class=\"has-inline-color\">\/!\\Promemoria sulla misurazione della temperatura dell&rsquo;orecchio<\/mark><\/strong><\/p>\n\n\n\n<p>Come indicato nelle istruzioni, \u00e8 importante tirare delicatamente l&rsquo;orecchio verso l&rsquo;alto e all&rsquo;indietro, in modo da raddrizzare il condotto uditivo e liberare l&rsquo;accesso al timpano. Lo stampo auricolare deve quindi essere inserito delicatamente fino a riempire il condotto uditivo.<\/p>\n\n\n\n<p><em>Vedi immagine sotto<\/em><\/p>\n\n\n\n<figure class=\"wp-block-image size-full is-resized\"><img loading=\"lazy\" decoding=\"async\" src=\"https:\/\/abbi-essentiels.fr\/wp-content\/uploads\/2024\/01\/Auriculaire.png\" alt=\"\" class=\"wp-image-695\" width=\"752\" height=\"185\" srcset=\"https:\/\/abbi-essentiels.fr\/wp-content\/uploads\/2024\/01\/Auriculaire.png 988w, https:\/\/abbi-essentiels.fr\/wp-content\/uploads\/2024\/01\/Auriculaire-300x74.png 300w, https:\/\/abbi-essentiels.fr\/wp-content\/uploads\/2024\/01\/Auriculaire-768x189.png 768w, https:\/\/abbi-essentiels.fr\/wp-content\/uploads\/2024\/01\/Auriculaire-600x148.png 600w\" sizes=\"auto, (max-width: 752px) 100vw, 752px\" \/><\/figure>\n\n\n\n<p><br>La misurazione della temperatura attraverso l&rsquo;orecchio \u00e8 sconsigliata ai bambini di et\u00e0 inferiore ai due anni, poich\u00e9 \u00e8 pi\u00f9 difficile accedere al timpano. Inoltre, la presenza di grandi quantit\u00e0 di cerume &#8211; ad esempio a causa di un&rsquo;infezione dell&rsquo;orecchio &#8211; o di molti capelli nel condotto uditivo pu\u00f2 falsare la misurazione.<\/p>\n\n\n\n<h3 class=\"wp-block-heading\">\u27a1\ufe0f <span style=\"text-decoration: underline;\">Come deve essere riposto il termometro nella sua custodia?<\/span><\/h3>\n\n\n\n<div class=\"wp-block-media-text alignwide is-stacked-on-mobile\" style=\"grid-template-columns:34% auto\"><figure class=\"wp-block-media-text__media\"><img loading=\"lazy\" decoding=\"async\" width=\"1024\" height=\"1024\" src=\"https:\/\/abbi-essentiels.fr\/wp-content\/uploads\/2024\/01\/LISTING-THERMO-FR-1-1-1024x1024.png\" alt=\"\" class=\"wp-image-758 size-full\" srcset=\"https:\/\/abbi-essentiels.fr\/wp-content\/uploads\/2024\/01\/LISTING-THERMO-FR-1-1-1024x1024.png 1024w, https:\/\/abbi-essentiels.fr\/wp-content\/uploads\/2024\/01\/LISTING-THERMO-FR-1-1-300x300.png 300w, https:\/\/abbi-essentiels.fr\/wp-content\/uploads\/2024\/01\/LISTING-THERMO-FR-1-1-150x150.png 150w, https:\/\/abbi-essentiels.fr\/wp-content\/uploads\/2024\/01\/LISTING-THERMO-FR-1-1-768x768.png 768w, https:\/\/abbi-essentiels.fr\/wp-content\/uploads\/2024\/01\/LISTING-THERMO-FR-1-1-1320x1320.png 1320w, https:\/\/abbi-essentiels.fr\/wp-content\/uploads\/2024\/01\/LISTING-THERMO-FR-1-1-600x600.png 600w, https:\/\/abbi-essentiels.fr\/wp-content\/uploads\/2024\/01\/LISTING-THERMO-FR-1-1-100x100.png 100w, https:\/\/abbi-essentiels.fr\/wp-content\/uploads\/2024\/01\/LISTING-THERMO-FR-1-1.png 1500w\" sizes=\"auto, (max-width: 1024px) 100vw, 1024px\" \/><\/figure><div class=\"wp-block-media-text__content\">\n<p>Si consiglia di appoggiare il termometro <strong>leggermente<\/strong> sul lato prima di chiudere la custodia, per evitare che si accenda inaspettatamente (vedi esempio nell&rsquo;immagine).<\/p>\n<\/div><\/div>\n\n\n\n<h3 class=\"wp-block-heading\"><br>\u27a1\ufe0f <strong><u><strong>Il nostro ultimo consiglio per affrontare la febbre :<\/strong><\/u><\/strong><span style=\"text-decoration: underline;\"><strong><br><\/strong><\/span><strong><br><\/strong><\/h3>\n\n\n\n<p>Una febbre <strong>accompagnata e monitorata \u00e8 senza dubbio <\/strong>il modo migliore per ristabilire la salute, senza dover ricorrere a soppressori di sintomi (antipiretici per la febbre, analgesici per il dolore, antibiotici per i microbi), che lasciano l&rsquo;organismo privo di mezzi e di forze e aprono la porta a ricadute e\/o patologie croniche.<\/p>\n\n\n\n<p>Ci\u00f2 non significa, tuttavia, che la febbre debba essere lasciata salire senza controllo e senza assistenza, in qualsiasi patologia, senza controllo o supporto, perch\u00e9 la febbre incontrollata pu\u00f2 anche essere pericolosa, soprattutto in alcuni casi critici come nei neonati, in caso di febbre alta (<strong>oltre 39\u00b0C<\/strong>), dolore intenso e prolungato, spasmi, delirio, mal di testa intenso o disidratazione (soprattutto nei neonati e negli anziani).<br><strong>In ogni caso, monitorare regolarmente la temperatura e non esitare a consultare un medico in caso di dubbio.<\/strong><\/p>\n\n\n<div class=\"wp-block-image\">\n<figure class=\"aligncenter size-large is-resized\"><img loading=\"lazy\" decoding=\"async\" src=\"https:\/\/abbi-essentiels.fr\/wp-content\/uploads\/2024\/01\/TEMP-1024x342.png\" alt=\"\" class=\"wp-image-696\" width=\"1171\" height=\"391\" srcset=\"https:\/\/abbi-essentiels.fr\/wp-content\/uploads\/2024\/01\/TEMP-1024x342.png 1024w, https:\/\/abbi-essentiels.fr\/wp-content\/uploads\/2024\/01\/TEMP-300x100.png 300w, https:\/\/abbi-essentiels.fr\/wp-content\/uploads\/2024\/01\/TEMP-768x256.png 768w, https:\/\/abbi-essentiels.fr\/wp-content\/uploads\/2024\/01\/TEMP-1536x512.png 1536w, https:\/\/abbi-essentiels.fr\/wp-content\/uploads\/2024\/01\/TEMP-1320x440.png 1320w, https:\/\/abbi-essentiels.fr\/wp-content\/uploads\/2024\/01\/TEMP-600x200.png 600w, https:\/\/abbi-essentiels.fr\/wp-content\/uploads\/2024\/01\/TEMP.png 2000w\" sizes=\"auto, (max-width: 1171px) 100vw, 1171px\" \/><\/figure><\/div>\n\n\n<div style=\"height:55px\" aria-hidden=\"true\" class=\"wp-block-spacer\"><\/div>\n\n\n\n<h3 class=\"wp-block-heading\">\u27a1\ufe0f <strong><u><strong>Il <u>nostro team tecnico al vostro servizio<\/u><\/strong><\/u><\/strong> :<\/h3>\n\n\n\n<p>In qualit\u00e0 di azienda con il marchio \u00ab\u00a0<strong>Competenza europea\u00a0\u00bb<\/strong>, siamo fermamente impegnati a offrire un servizio clienti di prim&rsquo;ordine, mettendo costantemente la soddisfazione del cliente al centro delle nostre priorit\u00e0. Il nostro team di assistenza clienti sar\u00e0 lieto di aiutarvi con qualsiasi domanda o problema che possiate avere utilizzando i nostri prodotti.<\/p>\n\n\n\n<p><\/p>\n\n\n\n<div class=\"wp-block-buttons is-content-justification-center is-layout-flex wp-container-core-buttons-is-layout-1 wp-block-buttons-is-layout-flex\">\n<div class=\"wp-block-button has-custom-width wp-block-button__width-25 has-custom-font-size has-medium-font-size\"><a class=\"wp-block-button__link has-light-green-cyan-to-vivid-green-cyan-gradient-background has-background wp-element-button\" href=\"mailto:boutiqueabkfrance@gmail.com\" style=\"border-radius:30px\">Contattateci<\/a><\/div>\n<\/div>\n\n\n\n<div style=\"height:100px\" aria-hidden=\"true\" class=\"wp-block-spacer\"><\/div>\n","protected":false},"excerpt":{"rendered":"<p>Tutto quello che c&rsquo;\u00e8 da sapere per utilizzare al meglio il termometro senza contatto ABBICARE\u2122. Avete appena acquistato il nostro termometro a infrarossi ABBICARE\u2122 e desideriamo ringraziarvi.\u00c8 essenziale per noi presentarvi in modo concreto gli aspetti positivi del nostro termometro, pur riconoscendone i limiti, che non sono specifici del nostro modello ma comuni a tutti&hellip;&nbsp;<a href=\"https:\/\/abbi-essentiels.fr\/index.php\/il-vostro-termometro-abbicare\/\" rel=\"bookmark\">Lire la suite &raquo;<span class=\"screen-reader-text\">Il vostro termometro ABBICARE\u2122<\/span><\/a><\/p>\n","protected":false},"author":1,"featured_media":0,"parent":0,"menu_order":0,"comment_status":"closed","ping_status":"closed","template":"","meta":{"om_disable_all_campaigns":false,"_monsterinsights_skip_tracking":false,"_monsterinsights_sitenote_active":false,"_monsterinsights_sitenote_note":"","_monsterinsights_sitenote_category":0,"neve_meta_sidebar":"","neve_meta_container":"","neve_meta_enable_content_width":"","neve_meta_content_width":0,"neve_meta_title_alignment":"","neve_meta_author_avatar":"","neve_post_elements_order":"","neve_meta_disable_header":"","neve_meta_disable_footer":"","neve_meta_disable_title":"","_themeisle_gutenberg_block_has_review":false,"footnotes":""},"class_list":["post-742","page","type-page","status-publish","hentry"],"aioseo_notices":[],"jetpack_sharing_enabled":true,"_links":{"self":[{"href":"https:\/\/abbi-essentiels.fr\/index.php\/wp-json\/wp\/v2\/pages\/742","targetHints":{"allow":["GET"]}}],"collection":[{"href":"https:\/\/abbi-essentiels.fr\/index.php\/wp-json\/wp\/v2\/pages"}],"about":[{"href":"https:\/\/abbi-essentiels.fr\/index.php\/wp-json\/wp\/v2\/types\/page"}],"author":[{"embeddable":true,"href":"https:\/\/abbi-essentiels.fr\/index.php\/wp-json\/wp\/v2\/users\/1"}],"replies":[{"embeddable":true,"href":"https:\/\/abbi-essentiels.fr\/index.php\/wp-json\/wp\/v2\/comments?post=742"}],"version-history":[{"count":7,"href":"https:\/\/abbi-essentiels.fr\/index.php\/wp-json\/wp\/v2\/pages\/742\/revisions"}],"predecessor-version":[{"id":789,"href":"https:\/\/abbi-essentiels.fr\/index.php\/wp-json\/wp\/v2\/pages\/742\/revisions\/789"}],"wp:attachment":[{"href":"https:\/\/abbi-essentiels.fr\/index.php\/wp-json\/wp\/v2\/media?parent=742"}],"curies":[{"name":"wp","href":"https:\/\/api.w.org\/{rel}","templated":true}]}}